{"id":500,"date":"2012-11-20T10:59:25","date_gmt":"2012-11-20T08:59:25","guid":{"rendered":"http:\/\/www.puheoikeus.fi\/?page_id=500"},"modified":"2013-04-30T13:27:30","modified_gmt":"2013-04-30T10:27:30","slug":"kerro-kokemuksistasi","status":"publish","type":"page","link":"https:\/\/www.puheoikeus.fi\/sv\/palvelusuunnitelma\/kerro-kokemuksistasi\/","title":{"rendered":"Ber\u00e4tta om dina erfarenheter"},"content":{"rendered":"<p>B\u00e5de servicehandledningen och uppg\u00f6randet av en serviceplan tenderar att negligeras i kommunerna. Ocks\u00e5 den (re)habiliteriande enheten gl\u00f6mmer att ber\u00e4tta om existensen av dessa serviceformer och att h\u00e4nvisa familjerna itll r\u00e4tt adress, m\u00f6jligen \u00e4ven att (med familjens medgivande) boka in tr\u00e4ffen i f\u00f6rv\u00e4g. Fyll i blanketten i f\u00f6rv\u00e4g och skicka den till socialbyr\u00e5n inf\u00f6r serviceplaem\u00f6tet. Kr\u00e4v att m\u00f6tet f\u00f6ljer blankettens struktur och att man inte enbart talar runt kommunens interna IT-system f\u00f6r beslutsfattandet inom socialv\u00e5rden. Kr\u00e4v att din blankett fogas till handlingarna som ett beslutsunderlag.<\/p>\n<p>Enligt v\u00e5r erfarenhet f\u00f6rsummar kommunerna det mesta av ovan n\u00e4mnda. D\u00e5 \u00e4r det dags att ta till gr\u00f6vre vapen: r\u00e4ttelseyrkanden, besv\u00e4r och klagom\u00e5l. Kommunerna f\u00f6rs\u00f6ker smita ifr\u00e5n sitt ansvar genom att inte teckna ner klienternas behov, enligt mottot \u201dom det inte \u00e4r nedtecknat, finns det inte och beh\u00f6ver inte heller budgeteras\u201d \u2013 klienterna kan ju inte p\u00e5visa att behoven diskuterats p\u00e5 m\u00f6tet. Med tanke p\u00e5 framtiden \u00e4r det viktigt att familjen kan p\u00e5visa att behoven varit till diskussion. Skicka blanketten per e-post eller l\u00e5t den diarief\u00f6ras i kommunen eller, ifall du \u00e4r r\u00e4dd att f\u00f6rlora intimitetsskyddet, h\u00e4nvisa till blanketterna i ett e-postmeddelande.<\/p>\n<p>L\u00e5t oss inleda en upplysningskampanj och skicka en flodv\u00e5g av blanketter till socialbyr\u00e5erna i landet. Jag \u00e4r intresserad av att samla in information. Jag \u00e4r tacksam om du s\u00e4nder en anonym eller riktig kopia av blanketten (i statistik- och benchmarkingsyfte, anonymt, <a href=\"mailto:contact@puheoikeus.fi\">contact@puheoikeus.fi<\/a>) j\u00e4mte kommentarer om hurudan service ni kommer att f\u00e5, hur m\u00f6tet gick och huruvida m\u00f6tet f\u00f6ljde blankettens punkter eller baserades p\u00e5 beslutsunderlagen inom socialbyr\u00e5n.<\/p>\n<p>Helt konstruktivt t\u00e4nkt kan en flodv\u00e5g av serviceplanblanketter till socialbyr\u00e5erna och diskussioner utg\u00e5ende fr\u00e5n de verkliga behoven \u00f6ppna socialbyr\u00e5ernas \u00f6gon f\u00f6r vilka behov de olika grupperna av funktionshindrade har och vad lagstiftaren avsett g\u00e4llande servicehandledning och handikappservice.<\/p>\n<p><a href=\"http:\/\/www.puheoikeus.fi\/wp-content\/uploads\/2012\/05\/PalvelusuunnitelmaJaatinen.doc\">Jaatinen stiftelsens blankett<\/a> finns f\u00f6r tillf\u00e4llet bara p\u00e5 finska. Ett projekt \u00e4r p\u00e5 g\u00e5ng i syfte att modernisera blanketten. I samband med detta utkommer den sannolikt ocks\u00e5 p\u00e5 svenska. Blanketten f\u00e5r distribueras vidare och vi har \u00e4ven stiftelsens tillst\u00e5nd att ha blanketten p\u00e5 v\u00e5r hemsida.<\/p>\n<p>I kort handlar blanketten om att man konstaterar vad familen f\u00e5tt information om och vilken hand\u00f6edning som fattas. Familjen f\u00e5r k\u00e4nnedom om alla delomr\u00e5den som h\u00f6r till handikappv\u00e5rden och kommunen f\u00e5r insikter i familjens behov som grund f\u00f6r sitt framtida beslutsfattande. Det \u00e4r viktigt att fr\u00e5n b\u00f6rjan komma \u00f6verens om service och underh\u00e5ll av hj\u00e4lpmedel: vem st\u00e5r f\u00f6r arbetet, kostnaderna och ett eventuellt ers\u00e4ttande hj\u00e4lpmedel? Vem st\u00e5r f\u00f6r vilken service och hur l\u00e5ngtg\u00e5ende \u00e4r behovet? N\u00e4r h\u00e5lls f\u00f6ljande m\u00f6te? Vilka alla yrkesgrupper vill familjen ha med p\u00e5 m\u00f6tet? St\u00f6dpersoner? Jurister?<\/p>\n<p><strong>INNEH\u00c5LL<\/strong><\/p>\n<p>Personalia, kontaktdata<\/p>\n<p>Underskrifter<\/p>\n<p>Tidpunkt f\u00f6r en uppdatering av serviceplanen<\/p>\n<p><strong>1.<\/strong> Saker att beakta d\u00e5 serviceplanen g\u00f6rs upp (tex behoven av st\u00f6d och h\u00e4lp, hur familjesituationen inverkar p\u00e5 l\u00e4get, separata behov under ledigheter)<\/p>\n<p><strong>2.<\/strong> Checklista kring servicehandledningen (har ni f\u00e5tt info om x,y.z &#8230; och p\u00e5 vems ansvar informationsarbetet ligger, kryssa f\u00f6r d\u00e5 det \u00e4r genomf\u00f6rt)<\/p>\n<p><strong>3.<\/strong> Planer som redan finns och som \u00e4r i kraft (habilitering, dagv\u00e5rd, beslut om individuell utbildning, individuell utbildningsplan, omsorgsplan, plan f\u00f6r n\u00e4rst\u00e5endev\u00e5rd, f\u00f6rh\u00f6jt v\u00e5rdbidrag &#8230;<\/p>\n<p><strong>4.<\/strong> FPAs serviceformer (KELA, sjukf\u00f6rs\u00e4kringen, handikappbidrag, speciall\u00e4kemedel, tolk f\u00f6r gravt talhandikappad<\/p>\n<p><strong>5.<\/strong> Socialtj\u00e4nster<\/p>\n<p style=\"padding-left: 30px;\">5.1 St\u00f6d f\u00f6r barnets\/den ungas sj\u00e4lvst\u00e4ndiga verksamhet och\/eller v\u00e5rd (personlig assitens, annan v\u00e5rd, v\u00e5rd vid insjuknande (klienten, v\u00e5rdaren), tillf\u00e4llig v\u00e5rd, semesterarrangemang<\/p>\n<p style=\"padding-left: 30px;\">5.2 St\u00f6d f\u00f6r r\u00f6rlighet och deltagande utanf\u00f6r hemmet (tolktj\u00e4nst, transport, st\u00f6d f\u00f6r k\u00f6p av bil, lovv\u00e5rd, fritidsassistent, tandem eller liknande hj\u00e4lpmedel..<\/p>\n<p style=\"padding-left: 30px;\">5.3 St\u00f6d f\u00f6r hobbyer (st\u00f6d f\u00f6r deltagandet, utrustning, specialgruppers simhallskort ..)<\/p>\n<p style=\"padding-left: 30px;\">5.4 \u00d6vriga socialtj\u00e4nster (st\u00f6d f\u00f6r n\u00e4rst\u00e5endev\u00e5rd, hemtj\u00e4nst, ekonomiskt st\u00f6d f\u00f6r specialdieter, utkomst, kl\u00e4der, socialavgiftsreduktion &#8230;)<\/p>\n<p><strong>6.<\/strong> H\u00e4lso- och sjukv\u00e5rdstj\u00e4nster<\/p>\n<p style=\"padding-left: 30px;\">6.1 Helhetsansvar f\u00f6r v\u00e5rden (h\u00e4lsov\u00e5rdscentralen)<\/p>\n<p style=\"padding-left: 30px;\">6.2 H\u00e4lso- och sjukv\u00e5rdsinstanser (allt fr\u00e5n barnr\u00e5dgivningen till specialsjukv\u00e5rden)<\/p>\n<p style=\"padding-left: 30px;\">6.3 Hemsjukv\u00e5rd och utdelning av v\u00e5rdartiklar (inkl. bl\u00f6jor)<\/p>\n<p><strong>7.<\/strong> (Re)Habiliteringstj\u00e4nster<\/p>\n<p style=\"padding-left: 30px;\">7.1 FPA\/KELA (sjukf\u00e4rs\u00e4kringen, lagstadgad (re)habilitering via specialsjukv\u00e5rden) tills barenet fyller 16 \u00e5r)<\/p>\n<p style=\"padding-left: 30px;\">7.2 Planering av (re)habiliteringen (Habiliteringsplan\/HNS\/FPA, annna halhetsplan, synen, h\u00f6rseln, kommunikationen, andning, nutrition)<\/p>\n<p style=\"padding-left: 30px;\">7.3 Genomf\u00f6randet av (re)habiliteringen (tal-, ergo-, fysio-, rid-, musik-, psykoterapi, oralmotorik, handledning, anpassningskurser)<\/p>\n<p><strong>8.<\/strong> Hj\u00e4lpmedel och f\u00f6r\u00e4ndringsarbeten i bostaden<\/p>\n<p style=\"padding-left: 30px;\">8.1 Hj\u00e4lpmedel och apparatur<\/p>\n<p style=\"padding-left: 60px;\">8.1.1 V\u00e5rdapparatur (sug, respiratorer)<\/p>\n<p style=\"padding-left: 60px;\">8.1.2 St\u00f6dapparatur och \u2013f\u00f6rband (inkl. cykeln)<\/p>\n<p style=\"padding-left: 60px;\">8.1.3 Kommunikation och gestaltning (kommunikationspass, -p\u00e4rm, -apparater, datordelar, bildmaterial, teckenmaterial, dator, datorprogram, kurser i dessa)<\/p>\n<p style=\"padding-left: 60px;\">8.1.4 Hj\u00e4lpmedel f\u00f6r mobilitet (rullstolar, vagnar, annat)<\/p>\n<p style=\"padding-left: 60px;\">8.1.5 Personlig v\u00e5rd (WC-stol, duschstol, underlag)<\/p>\n<p style=\"padding-left: 60px;\">8.1.6 Tr\u00e4ningsredskap (st\u00e5st\u00e4llningar, arbetsstol, terapiboll&#8230;)<\/p>\n<p style=\"padding-left: 60px;\">8.1.7 Hj\u00e4lpmedel f\u00f6r hemmet och boendet (specials\u00e4ng, hiss, lyftanordningar, ramper..)<\/p>\n<p style=\"padding-left: 60px;\">8.1.8 Hj\u00e4lpmedel f\u00f6r daghems- och skolverksamheten<\/p>\n<p style=\"padding-left: 30px;\">8.2 Serviceavtal f\u00f6r hj\u00e4lpmedlen (ansvar, ekonomi)<\/p>\n<p style=\"padding-left: 30px;\">8.3 F\u00f6r\u00e4ndringsarbeten i bostaden<\/p>\n<p><strong>9A<\/strong> Dagv\u00e5rd och st\u00f6dtj\u00e4nster f\u00f6r dagv\u00e5rden av barn under skol\u00e5ldern<\/p>\n<p style=\"padding-left: 30px;\">9A.1 Hemv\u00e5rd (hemv\u00e5rd, handledning, kontaktperson, annat)<\/p>\n<p style=\"padding-left: 30px;\">9A.2 Dagv\u00e5rd (kontaktpersoner, plats, avgifter, daghemmets data och st\u00f6dtj\u00e4nster, grupp, assistent, skjutsar)<\/p>\n<p><strong>9B<\/strong> Skolans och skolbarnets st\u00f6dtj\u00e4nster<\/p>\n<p style=\"padding-left: 30px;\">9B.1 skola och undervisning<\/p>\n<p style=\"padding-left: 30px;\">9B.2 st\u00f6d under dagen (skjuts, f\u00f6rmiddagsv\u00e5rd, eftis)<\/p>\n<p style=\"padding-left: 30px;\">9B.3 skolh\u00e4lsov\u00e5rd<\/p>\n<p><strong>10.<\/strong> Kontaktdata till de ansvariga och till servicegivarna<\/p>","protected":false},"excerpt":{"rendered":"<p>B\u00e5de servicehandledningen och uppg\u00f6randet av en serviceplan tenderar att negligeras i kommunerna. Ocks\u00e5 den (re)habiliteriande enheten gl\u00f6mmer att ber\u00e4tta om existensen av dessa serviceformer och att h\u00e4nvisa familjerna itll r\u00e4tt adress, m\u00f6jligen \u00e4ven att (med familjens medgivande) boka in tr\u00e4ffen<span class=\"ellipsis\">&hellip;<\/span><\/p>\n<div class=\"read-more\"><a href=\"https:\/\/www.puheoikeus.fi\/sv\/palvelusuunnitelma\/kerro-kokemuksistasi\/\">L\u00e4s mer &#8250;<\/a><\/div>\n<p><!-- end of .read-more --><\/p>\n","protected":false},"author":2,"featured_media":0,"parent":1330,"menu_order":0,"comment_status":"closed","ping_status":"open","template":"content-sidebar-page.php","meta":[],"_links":{"self":[{"href":"https:\/\/www.puheoikeus.fi\/sv\/wp-json\/wp\/v2\/pages\/500"}],"collection":[{"href":"https:\/\/www.puheoikeus.fi\/sv\/wp-json\/wp\/v2\/pages"}],"about":[{"href":"https:\/\/www.puheoikeus.fi\/sv\/wp-json\/wp\/v2\/types\/page"}],"author":[{"embeddable":true,"href":"https:\/\/www.puheoikeus.fi\/sv\/wp-json\/wp\/v2\/users\/2"}],"replies":[{"embeddable":true,"href":"https:\/\/www.puheoikeus.fi\/sv\/wp-json\/wp\/v2\/comments?post=500"}],"version-history":[{"count":0,"href":"https:\/\/www.puheoikeus.fi\/sv\/wp-json\/wp\/v2\/pages\/500\/revisions"}],"up":[{"embeddable":true,"href":"https:\/\/www.puheoikeus.fi\/sv\/wp-json\/wp\/v2\/pages\/1330"}],"wp:attachment":[{"href":"https:\/\/www.puheoikeus.fi\/sv\/wp-json\/wp\/v2\/media?parent=500"}],"curies":[{"name":"wp","href":"https:\/\/api.w.org\/{rel}","templated":true}]}}