{"id":1319,"date":"2013-02-12T17:36:02","date_gmt":"2013-02-12T15:36:02","guid":{"rendered":"http:\/\/www.puheoikeus.fi\/?page_id=1319"},"modified":"2013-03-10T14:10:31","modified_gmt":"2013-03-10T12:10:31","slug":"ajattelutapa-ja-kohtelu","status":"publish","type":"page","link":"https:\/\/www.puheoikeus.fi\/sv\/ajattelutapa-ja-kohtelu\/","title":{"rendered":"T\u00e4nkes\u00e4tt och bem\u00f6tande"},"content":{"rendered":"<p>Enligt v\u00e5rt t\u00e4nkes\u00e4tt f\u00f6rekommer inte &#8221;utmanande beteende&#8221; annat \u00e4n inom psykiatrin. Autistiska personer har sina egenheter, men i deras fall \u00e4r ett &#8221;utmanande beteende&#8221; inte en orsak, utan en verkan. Det \u00e4r en effekt av den omkringliggande v\u00e4rldens of\u00f6rm\u00e5ga att bem\u00f6ta, organisera sig och\/eller att kommunicera. Det \u00e4r de utomst\u00e5ende som st\u00e5r f\u00f6r det utmanande beteendet. \u00d6vergrepp \u00e4r annat \u00e4n fysiskt v\u00e5ld. Det \u00e4r ett \u00f6vergrepp att st\u00e4mpla sina egna kommunikationsmissar som en annan individs &#8221;beteendest\u00f6rning&#8221;. Det kr\u00e4nker individens r\u00e4ttsskydd, f\u00f6r han\/hon kan p\u00e5tvingas en on\u00f6dig medicinering och stigmatiseringen har l\u00e5ngvariga effekter p\u00e5 livet i stort. Vi jobbbar med teamen och l\u00e4gger in ord i all AKK som en del av yttrander\u00e4tten.<\/p>","protected":false},"excerpt":{"rendered":"<p>Enligt v\u00e5rt t\u00e4nkes\u00e4tt f\u00f6rekommer inte &#8221;utmanande beteende&#8221; annat \u00e4n inom psykiatrin. Autistiska personer har sina egenheter, men i deras fall \u00e4r ett &#8221;utmanande beteende&#8221; inte en orsak, utan en verkan. Det \u00e4r en effekt av den omkringliggande v\u00e4rldens of\u00f6rm\u00e5ga att<span class=\"ellipsis\">&hellip;<\/span><\/p>\n<div class=\"read-more\"><a href=\"https:\/\/www.puheoikeus.fi\/sv\/ajattelutapa-ja-kohtelu\/\">L\u00e4s mer &#8250;<\/a><\/div>\n<p><!-- end of .read-more --><\/p>\n","protected":false},"author":1,"featured_media":0,"parent":0,"menu_order":0,"comment_status":"closed","ping_status":"open","template":"content-sidebar-page.php","meta":[],"_links":{"self":[{"href":"https:\/\/www.puheoikeus.fi\/sv\/wp-json\/wp\/v2\/pages\/1319"}],"collection":[{"href":"https:\/\/www.puheoikeus.fi\/sv\/wp-json\/wp\/v2\/pages"}],"about":[{"href":"https:\/\/www.puheoikeus.fi\/sv\/wp-json\/wp\/v2\/types\/page"}],"author":[{"embeddable":true,"href":"https:\/\/www.puheoikeus.fi\/sv\/wp-json\/wp\/v2\/users\/1"}],"replies":[{"embeddable":true,"href":"https:\/\/www.puheoikeus.fi\/sv\/wp-json\/wp\/v2\/comments?post=1319"}],"version-history":[{"count":0,"href":"https:\/\/www.puheoikeus.fi\/sv\/wp-json\/wp\/v2\/pages\/1319\/revisions"}],"wp:attachment":[{"href":"https:\/\/www.puheoikeus.fi\/sv\/wp-json\/wp\/v2\/media?parent=1319"}],"curies":[{"name":"wp","href":"https:\/\/api.w.org\/{rel}","templated":true}]}}