{"id":131,"date":"2012-06-05T15:19:12","date_gmt":"2012-06-05T15:19:12","guid":{"rendered":"http:\/\/puheoikeus.fi\/?p=131"},"modified":"2013-04-30T13:34:26","modified_gmt":"2013-04-30T10:34:26","slug":"viittoma-ja-kommunikaatio-ohjausisning","status":"publish","type":"page","link":"https:\/\/www.puheoikeus.fi\/sv\/viittomat-ja-kommunikaatio-aac\/viittoma-ja-kommunikaatio-ohjausisning\/","title":{"rendered":"Tecken- och kommunikationsundervisning"},"content":{"rendered":"<p><\/p>\n<p>Tecken- och kommunikationsundervisningen sker som anpassningstr\u00e4ning inom ramen f\u00f6r Handikappservicelagen. Det \u00e4r alla specialisters ansvar att ber\u00e4tta om den. Behovet borde dokumenteras i habiliteringsplanerna och talterpauternas utl\u00e5tanden. D\u00e5 underl\u00e4ttas ans\u00f6kninngsf\u00f6rfarandet til socialbyr\u00e5n f\u00f6r familjerna. D\u00e5 undervisningen beviljats, \u00e4r den avgiftsfri f\u00f6r familjen<strong>. Vi erbjuder undervisning inom huvudstadsregionen f\u00f6r familjer med hemspr\u00e5ket (eller f\u00f6r oss gemensamma spr\u00e5ket) svenska, finska, engelska, franska eller tyska<\/strong>. Vi undervisar i bruket av finska och finlandssvenska tecken, men inte huvudsakligen i rikssvenska tecken. Om behovet \u00e4r stort (till exempel pga kortvarig vistelse i Finland, sl\u00e4kten i Sverige eller (\u00e5ter)flyttning till Sverige), kan vi fokusera p\u00e5 rikssvenska tecken i undervisningen. Kommunikationsundervisningen omfattar, beroende p\u00e5 utg\u00e5ngsl\u00e4get, undervisning i st\u00f6dtecken, tecken som alternativ kommunkation (TAKK), tecknat tal, bildst\u00f6dd kommunikation och \u00f6vriga AKK-metoder (lo-tech, hi-tech). Undervisningen \u00e4r beroende av huruvida kommunen allokerat anslag f\u00f6r verksamheten. En god kommun k\u00e4nner till de funktionsnedsattas behov och budgeterar r\u00e4tt.<\/p>\n<p>Vi erbjuder anpassningstr\u00e4ning \u00e5t gravt talhandikappade och icke-talande personer, i f\u00f6rsta hand \u00e5t autistiska och utvecklingsst\u00f6rda barn och deras anh\u00f6riga. I m\u00e5n av m\u00f6jlighet erbjuder vi undervisinng ocks\u00e5 \u00e5t vuxna, oberoende av bakgrund.<\/p>\n<p>Ofta beviljas 50 timmar per \u00e5r. Behovet kan vara det dubbla om barnet beh\u00f6ver b\u00e5de (st\u00f6d)tecken och bildkommunikation (j\u00e4mte undervisning i bruket av hj\u00e4lpmedel). Undervisningen b\u00f6r vara kontinuerlig.<\/p>\n<p>Vi handleder s.k. vanliga familjer i bruket av st\u00f6dtecken f\u00f6r babyer och sm\u00e5barn. Kanske du vill st\u00f6da ditt barns spr\u00e5kutveckling fr\u00e5n b\u00f6rjan? Kanske er familj \u00e4r tv\u00e5spr\u00e5kig? Denna undervisning h\u00f6r inte till v\u00e5ra socialf\u00f6rm\u00e5ner. Be om en offert f\u00f6r individuell undervisinng eller f\u00f6r undervisning i en liten grupp.<\/p>\n<p>Vi st\u00e4ller g\u00e4rna upp och l\u00e4r studerande, personal och tj\u00e4nstem\u00e4n i bruket av tecken och AKK. Vi konsluterar arbetsgemenskaper i bruket av AKK. Ocks\u00e5 i erfarna enheter kan lite \u2019rostknackning\u2019 g\u00f6ra gott.<\/p>\n<p><\/p>","protected":false},"excerpt":{"rendered":"<p>Tecken- och kommunikationsundervisningen sker som anpassningstr\u00e4ning inom ramen f\u00f6r Handikappservicelagen. Det \u00e4r alla specialisters ansvar att ber\u00e4tta om den. Behovet borde dokumenteras i habiliteringsplanerna och talterpauternas utl\u00e5tanden. D\u00e5 underl\u00e4ttas ans\u00f6kninngsf\u00f6rfarandet til socialbyr\u00e5n f\u00f6r familjerna. D\u00e5 undervisningen beviljats, \u00e4r den avgiftsfri<span class=\"ellipsis\">&hellip;<\/span><\/p>\n<div class=\"read-more\"><a href=\"https:\/\/www.puheoikeus.fi\/sv\/viittomat-ja-kommunikaatio-aac\/viittoma-ja-kommunikaatio-ohjausisning\/\">L\u00e4s mer &#8250;<\/a><\/div>\n<p><!-- end of .read-more --><\/p>\n","protected":false},"author":3,"featured_media":1140,"parent":1309,"menu_order":0,"comment_status":"closed","ping_status":"open","template":"content-sidebar-page.php","meta":[],"_links":{"self":[{"href":"https:\/\/www.puheoikeus.fi\/sv\/wp-json\/wp\/v2\/pages\/131"}],"collection":[{"href":"https:\/\/www.puheoikeus.fi\/sv\/wp-json\/wp\/v2\/pages"}],"about":[{"href":"https:\/\/www.puheoikeus.fi\/sv\/wp-json\/wp\/v2\/types\/page"}],"author":[{"embeddable":true,"href":"https:\/\/www.puheoikeus.fi\/sv\/wp-json\/wp\/v2\/users\/3"}],"replies":[{"embeddable":true,"href":"https:\/\/www.puheoikeus.fi\/sv\/wp-json\/wp\/v2\/comments?post=131"}],"version-history":[{"count":0,"href":"https:\/\/www.puheoikeus.fi\/sv\/wp-json\/wp\/v2\/pages\/131\/revisions"}],"up":[{"embeddable":true,"href":"https:\/\/www.puheoikeus.fi\/sv\/wp-json\/wp\/v2\/pages\/1309"}],"wp:featuredmedia":[{"embeddable":true,"href":"https:\/\/www.puheoikeus.fi\/sv\/wp-json\/wp\/v2\/media\/1140"}],"wp:attachment":[{"href":"https:\/\/www.puheoikeus.fi\/sv\/wp-json\/wp\/v2\/media?parent=131"}],"curies":[{"name":"wp","href":"https:\/\/api.w.org\/{rel}","templated":true}]}}