{"id":107,"date":"2012-05-08T10:53:12","date_gmt":"2012-05-08T10:53:12","guid":{"rendered":"http:\/\/puheoikeus.fi\/?p=107"},"modified":"2013-04-17T11:37:54","modified_gmt":"2013-04-17T08:37:54","slug":"numero-6","status":"publish","type":"page","link":"https:\/\/www.puheoikeus.fi\/sv\/ajattelutapa-ja-kohtelu\/numero-6\/","title":{"rendered":"V\u00e4rdegrund, att bli h\u00f6rd, m\u00e4nskliga r\u00e4ttigheter och yttrander\u00e4tt som grund f\u00f6r servicen och f\u00f6r processerna"},"content":{"rendered":"<p>Enligt FN:s konvention om funktionshindrade personers r\u00e4ttigheter skall personer med funktionshinder <strong>behandlas p\u00e5 samma s\u00e4tt som andra m\u00e4nniskor<\/strong>. Alla har r\u00e4tt till ett fullv\u00e4rdigt liv. Alla har samma grundl\u00e4ggande m\u00e4nskliga r\u00e4ttigheter och m\u00e4nniskov\u00e4rde.<\/p>\n<p><strong>De funktionshindrade har r\u00e4tt att delta i samh\u00e4llet p\u00e5 ett j\u00e4mlikt s\u00e4tt<\/strong>. Det \u00e4r <strong>f\u00f6rbjudet att diskriminera<\/strong> personer med funktionshinder. \u00c4nd\u00e5 blir de l\u00e4tt utan information om r\u00e4ttigheter, skyldigheter och st\u00f6d\u00e5tg\u00e4rder. Med <strong>bra information<\/strong> kan man ocks\u00e5 minska p\u00e5 f\u00f6rdomar som ofta beror p\u00e5 r\u00e4dsla. F\u00f6r dem som har grava talhandikapp och intellektuell funktionsneds\u00e4ttning (kognitiva funktionshinder, utvecklingsst\u00f6rning) beh\u00f6vs det <strong>assistent- och tolktj\u00e4nster<\/strong>. Man kan beh\u00f6va ocks\u00e5 <strong>andra st\u00f6dtj\u00e4nster<\/strong> som garanterar en ett fullv\u00e4rdigt liv.<\/p>\n<p>De funktionshindrade har <strong>r\u00e4tt att \u00e4ga och att \u00e4rva<\/strong>. De har ocks\u00e5 r\u00e4tt att <strong>sk\u00f6ta sina ekonomiska \u00e4renden och att f\u00e5 hj\u00e4lp och st\u00f6d i r\u00e4tten<\/strong> b\u00e5de i sin egen sak och som vittne.<\/p>\n<p>Alla har <strong>r\u00e4tt till frihet och s\u00e4kerhet<\/strong>. <strong>Man f\u00e5r inte utnyttja<\/strong> n\u00e5gon, inte heller de funktionshindrade. De m\u00e5ste <strong>skyddas f\u00f6r v\u00e5ld och fr\u00e5n misshandel<\/strong>. <strong>\u00d6vergrepp och v\u00e5ld m\u00e5ste uppt\u00e4ckas i tid och s\u00e4ttas stopp f\u00f6r och de som \u00e4r skyldiga skall st\u00e4llas inf\u00f6r r\u00e4tta.<\/strong><\/p>\n<p>Den som \u00e4r funktionshindrad har <strong>r\u00e4tt till medborgarskap och omsorg<\/strong>. Man har ocks\u00e5 r\u00e4tt till ett <strong>sj\u00e4lvs\u00e4ndigt liv, boende och fri r\u00f6rlighet<\/strong>.  Man skall f\u00e5 <strong>v\u00e4lja med vem och var man bor och ha tillg\u00e5ng till hem- och boendetj\u00e4nster samt personlig assistans<\/strong>. Man skall f\u00e5 bo och r\u00f6ra sig i inom n\u00e4rsamh\u00e4llet och ha samma tillg\u00e4nglighet till tj\u00e4nster som alla andra. <strong>Vissa tj\u00e4nster m\u00e5ste anpassas<\/strong> till den funktionshindrades behov. Det skall inte vara f\u00f6r dyrt att resa och att r\u00f6ra p\u00e5 sig.<\/p>\n<p>De funktionshindrade har samma <strong>r\u00e4tt att yttra sig och att uttrycka sig fritt<\/strong> som alla andra har. Ocks\u00e5 all <strong>information b\u00f6r finnas i en l\u00e4ttf\u00f6rst\u00e5elig form<\/strong>. Alla skall kunna <strong>kommunicera med myndigheterna<\/strong>. De funktionshindrade skall f\u00e5 uttrycka sig p\u00e5 <strong>teckenspr\u00e5k, punktskrift och med alternativa och kompletterande kommunikationsformer<\/strong>. De skall ocks\u00e5 ha m\u00f6jlighet att f\u00f6rst\u00e5 myndigheternas svar. Teckenspr\u00e5ket skall fr\u00e4mjas.<\/p>\n<p>Precis som alla andra, har de funktionshindrade r\u00e4tt till <strong>personlig integritet, familj, hem, korrenspondens och all slags kommunikation. Man f\u00e5r inte kr\u00e4nka n\u00e5gons \u00e4ra eller rykte. <\/strong>B\u00e5de de utan funktionshinder och de med funktionshinder har <strong>r\u00e4tt att bilda familj<\/strong>. Det \u00e4r inte r\u00e4tt att hindra f\u00f6rm\u00e5gan att f\u00e5 barn. <strong>Man f\u00e5r inte f\u00f6rsumma eller \u00f6verge funktionshindrade barn och man skall ge barnen och deras f\u00f6r\u00e4ldrar st\u00f6d och information.<\/strong> De funktionshindrade har r\u00e4tt till sina f\u00f6r\u00e4ldrar. Inte heller fr\u00e5n funktionshindrade f\u00f6r\u00e4ldrar f\u00e5r barnen tas bort.<\/p>\n<p>De funktionshindrade har <strong>r\u00e4tt till ett livsl\u00e5ngt l\u00e4rande och att f\u00e5 undervisning <\/strong>inom den allm\u00e4nna skolan. De har <strong>r\u00e4tt till individuellt st\u00f6d som underl\u00e4ttar inl\u00e4rningen<\/strong>. <strong>Det inneb\u00e4r att punktskrift, tecken och andra kommunkationsformer skall l\u00e4ras in<\/strong>. Ocks\u00e5 r\u00f6rligheten \u00e4r viktig att tr\u00e4na. <strong>Alla personer som arbetar inom skolorna b\u00f6r ha tillr\u00e4cklig utbildning s\u00e5 att de kan agera r\u00e4tt och organisera vardagen med tanke p\u00e5 de funktionshindrade.<\/strong><\/p>\n<p>Funktionshindrade har <strong>samma r\u00e4tt till h\u00e4lsov\u00e5rd som alla andra och d\u00e4rtill r\u00e4tt till s\u00e5dana h\u00e4lsov\u00e5rdstj\u00e4nster funktionshindret kr\u00e4ver<\/strong>. Samma g\u00e4ller f\u00f6r rehabiliterings- och habiliteringstj\u00e4nster.<\/p>\n<p>Precis som alla andra, har de funktionshindrade <strong>r\u00e4tt till arbete<\/strong>, p\u00e5 samma villkor som andra, <strong>vid behov med en anpassad arbetsmilj\u00f6<\/strong>. Man f\u00e5r h\u00f6ra till en fackf\u00f6rening och man skall f\u00e5 fortbildning i arbetet. Man har <strong>r\u00e4tt till en social trygghet och till en tillr\u00e4cklig levnadsstandard, dvs mat, kl\u00e4der, bostad och h\u00e4lso- och sjukv\u00e5rdstj\u00e4nster.<\/strong><\/p>\n<p>Det \u00e4r till\u00e5tet f\u00f6r funktionshindrade att <strong>r\u00f6sta och att kandidera i val<\/strong>. Vallokalerna b\u00f6r vara <strong>tillg\u00e4ngliga <\/strong>och det b\u00f6r finnas material i <strong>l\u00e4ttl\u00e4st<\/strong> form.<\/p>\n<p>De funktionshindrade \u00e4r ber\u00e4ttigade till <strong>fritidsaktiviteter,<\/strong> tex. med kultur och sport, p\u00e5 samma s\u00e4tt som alla andra. Milj\u00f6erna b\u00f6r anpassas och det b\u00f6r vara m\u00f6jligt att hitta ett yrke inom konsten. De funktionshindrade beh\u00f6ver <strong>hj\u00e4lp med tillg\u00e4ngligheten<\/strong> till bla biografer, teatrar, mus\u00e9er, konserter och utst\u00e4llningar. De funktionshindrade b\u00f6r kunna resa p\u00e5 fritiden som alla andra.<\/p>\n<p><strong>Det ovan beskrivna \u00e4r ett kort sammandrag av FN:s konvention om de funktionshindrades r\u00e4ttigheter.<\/strong><\/p>\n<p>Det haltar bet\u00e4nkligt i genomf\u00f6radet av r\u00e4ttigheterna. Det kan vara sk\u00e4l att stanna upp och fundera p\u00e5 v\u00e4rdegrunden i det egna arbetet ibland. I vems tj\u00e4nst \u00e4r jag? Hur bem\u00f6ter jag de funktionshindrade och deras r\u00e4ttigheter? Hur lever vi upp till r\u00e4ttigheterna? \u00c4r v\u00e5rt serviceutbud tillr\u00e4ckligt? Vad s\u00e4ger m\u00e5lgruppen? Lever vi upp till andra lagar och regler? Ger vi r\u00e5dgivning och fungerar serviceplanerna och de andra planerna p\u00e5 riktigt, i vardagen? Man beh\u00f6ver inte tycka synd om de funktionshindrade, men nog bem\u00f6ta dem och deras anh\u00f6riga med respekt \u2013 i syfte att m\u00f6jligg\u00f6ra ett s\u00e5 normalt liv som de bara klarar av med v\u00e5rt st\u00f6d. Det \u00e4r v\u00e5r plikt att som en civiliserad nation hj\u00e4lpa dem som \u00e4r mest utsatta.<\/p>\n<p>\u00d6vergrepp handlar inte enbart om v\u00e5ld mot person eller egendom. Det \u00e4r ett \u00f6vergrepp om man inte f\u00f6ljer lagen. Det \u00e4r ett \u00f6vergrepp att missbruka makt och att f\u00f6rs\u00f6ka straffa f\u00f6r eller bort ett funktionshinder. Det \u00e4r ett \u00f6vergrepp att inte sk\u00f6ta sitt jobb som expert eller tj\u00e4nsteman p\u00e5 b\u00e4sta t\u00e4nkbara s\u00e4tt. Det \u00e4r ett \u00f6vergrepp att inte alls bem\u00f6ta de funktionshindrade eller deras anh\u00f6riga. Det \u00e4r ett \u00f6vergrepp att kommunicera fel, att framkalla missf\u00f6rst\u00e5nd och att beskylla den funktionshindrade f\u00f6r detta. Det \u00e4r ett \u00f6vergrepp att skrika, att ta i h\u00e5rt, att \u00f6vermanna en funktionshindrad. Det \u00e4r ett \u00f6vergrepp med l\u00e5ntg\u00e5ende konsekvenser att objektifiera eller att p\u00e5 felaktiga grunder dokumentera egna kommunikationsmissar som en beteendest\u00f6rning i officiella dokument. Det \u00e4r ett \u00f6vergrepp att inte ge r\u00e5d eller att skriva beh\u00f6vliga rekommendationer. Det \u00e4r ett \u00f6vergrepp att h\u00e4mnas p\u00e5 familjen eller p\u00e5 den funktionshindrade oavsett vad som skett eller om man tycker om personerna i fr\u00e5ga. Det \u00e4r ett \u00f6vergrepp att f\u00f6rv\u00e4gra en funktionshindrad den assistens och de hj\u00e4lpmedel som beh\u00f6vs f\u00f6r vardagen, inl\u00e4rningen, kommunikationen och annat i ett vanligt liv. Det \u00e4r ett \u00f6vergrepp att f\u00f6rv\u00e4nta sig att den funktionshindrade sj\u00e4lv komer p\u00e5 sina r\u00e4ttigheter och att de f\u00f6ruts\u00e4tts beh\u00e4rska ett hj\u00e4lpmedel innan de ens f\u00e5r testa dem. Det \u00e4r ett \u00f6vergrepp om omv\u00e4rlden (i tj\u00e4nstest\u00e4llning) inte bryr sig om att klara av hj\u00e4lpmedlen och att utvidga den funktionshindrades egen kapacitet d\u00e4rtill. Det \u00e4r ett \u00f6vergrepp att f\u00f6rv\u00e4gra en funktionshindrad v\u00e5rd eller att kr\u00e4va att de anh\u00f6riga genomf\u00f6r medicinska \u00e5tg\u00e4rder. Det \u00e4r ett \u00f6vergrepp att hota med f\u00f6rl\u00e4ngda v\u00e4ntetider eller att f\u00f6rhandscensurera habiliteringsbehov utg\u00e5ande fr\u00e5n ett kvott\u00e4nkande. Det \u00e4r ett \u00f6vergrepp att f\u00f6rhindra yttrander\u00e4tten. Mycket fler saker \u00e4r \u00f6vergrepp. \u00d6vergrepp \u00e4r allts\u00e5 inte bara fysiskt v\u00e5ld mot sak eller person.<\/p>\n<p>Vi hj\u00e4lper och st\u00f6der er g\u00e4rna i arbetet f\u00f6r en h\u00f6gklassig omsorg d\u00e4r de m\u00e4nskliga r\u00e4ttigheterna respekteras, bem\u00f6tandet \u00e4r l\u00e5gaffektivt och man vet i vems tj\u00e4nst man \u00e4r samtidigt som detta syns i processerna och i kompetensen. Vi jobbar f\u00f6r st\u00f6d och omsorg utan \u00f6vergrepp och f\u00f6r ett fullv\u00e4rdigt liv med utbildning, kommunkation, jobb, boende och ekonomi i paritet med andras motsvarande situation.<\/p>\n<p>Man kan l\u00e4ra sig mycket av att lyssna p\u00e5 m\u00e5lgruppen och genom att st\u00e4lla dem \u00f6ppna fr\u00e5gor. M\u00e5nga anh\u00f6riga \u00e4r proffs i sig. De som inte \u00e4r det fr\u00e5n b\u00f6rjan, blir det och dessutom tv\u00e4rvetenskapligt s\u00e5. Det \u00e4r resurssl\u00f6seri att inte l\u00e4ra sig av dem. Man kan ocks\u00e5 utvecklas genom att ta initiativet i egna h\u00e4nder genom fr\u00e5gan \u201dVilken service beh\u00f6ver du?\u201d och genom att av sina chefer kr\u00e4va b\u00e4ttre f\u00f6ruts\u00e4ttningar att lyckas i sitt arbete. Ibland beh\u00f6ver man lite distans till vad och hur man jobbar \u2013 eller tillf\u00e4lle att i en mer tv\u00e4rvetenskaplig grupp ta sig en funderare p\u00e5 arbetss\u00e4tten och \u2013metoderna. Vi st\u00e4ller g\u00e4rna upp i det arbetet.<\/p>\n<p>Empowerment \u00e4r kanske ett modeord, men det l\u00f6nar sig att lita p\u00e5 m\u00e5lgruppen. Idag misstror myndigheterna de funktionshindrade och beter sig som om dessa fuskade eller bad om f\u00f6r mycket. Mycket av hj\u00e4lpen inneb\u00e4r intr\u00e5ng i den privata sf\u00e4ren. Det \u00e4r ytterst osannolikt att n\u00e5gon vill ha en dubbel bemanning assistenter med insyn i allt fr\u00e5n kontonas saldo till tv\u00e4ttkorgens inneh\u00e5ll. Vi hj\u00e4lper er g\u00e4rna att med era processer garantera de funktionshindrade yttrander\u00e4tt och makt \u00f6ver sina egna liv.<\/p>","protected":false},"excerpt":{"rendered":"<p>Enligt FN:s konvention om funktionshindrade personers r\u00e4ttigheter skall personer med funktionshinder behandlas p\u00e5 samma s\u00e4tt som andra m\u00e4nniskor. Alla har r\u00e4tt till ett fullv\u00e4rdigt liv. Alla har samma grundl\u00e4ggande m\u00e4nskliga r\u00e4ttigheter och m\u00e4nniskov\u00e4rde. De funktionshindrade har r\u00e4tt att delta i<span class=\"ellipsis\">&hellip;<\/span><\/p>\n<div class=\"read-more\"><a href=\"https:\/\/www.puheoikeus.fi\/sv\/ajattelutapa-ja-kohtelu\/numero-6\/\">L\u00e4s mer &#8250;<\/a><\/div>\n<p><!-- end of .read-more --><\/p>\n","protected":false},"author":3,"featured_media":0,"parent":1319,"menu_order":0,"comment_status":"closed","ping_status":"open","template":"content-sidebar-page.php","meta":[],"_links":{"self":[{"href":"https:\/\/www.puheoikeus.fi\/sv\/wp-json\/wp\/v2\/pages\/107"}],"collection":[{"href":"https:\/\/www.puheoikeus.fi\/sv\/wp-json\/wp\/v2\/pages"}],"about":[{"href":"https:\/\/www.puheoikeus.fi\/sv\/wp-json\/wp\/v2\/types\/page"}],"author":[{"embeddable":true,"href":"https:\/\/www.puheoikeus.fi\/sv\/wp-json\/wp\/v2\/users\/3"}],"replies":[{"embeddable":true,"href":"https:\/\/www.puheoikeus.fi\/sv\/wp-json\/wp\/v2\/comments?post=107"}],"version-history":[{"count":0,"href":"https:\/\/www.puheoikeus.fi\/sv\/wp-json\/wp\/v2\/pages\/107\/revisions"}],"up":[{"embeddable":true,"href":"https:\/\/www.puheoikeus.fi\/sv\/wp-json\/wp\/v2\/pages\/1319"}],"wp:attachment":[{"href":"https:\/\/www.puheoikeus.fi\/sv\/wp-json\/wp\/v2\/media?parent=107"}],"curies":[{"name":"wp","href":"https:\/\/api.w.org\/{rel}","templated":true}]}}