{"id":500,"date":"2012-11-20T10:59:25","date_gmt":"2012-11-20T08:59:25","guid":{"rendered":"http:\/\/www.puheoikeus.fi\/?page_id=500"},"modified":"2013-04-30T13:27:30","modified_gmt":"2013-04-30T10:27:30","slug":"kerro-kokemuksistasi","status":"publish","type":"page","link":"https:\/\/www.puheoikeus.fi\/fr\/palvelusuunnitelma\/kerro-kokemuksistasi\/","title":{"rendered":"Tell us about your experiences"},"content":{"rendered":"<p class=\"qtranxs-available-languages-message qtranxs-available-languages-message-fr\">Ici vous trouvez l\\'article en <a href=\"https:\/\/www.puheoikeus.fi\/fi\/wp-json\/wp\/v2\/pages\/500\" class=\"qtranxs-available-language-link qtranxs-available-language-link-fi\" title=\"Suomi\">Finnois<\/a> et <a href=\"https:\/\/www.puheoikeus.fi\/sv\/wp-json\/wp\/v2\/pages\/500\" class=\"qtranxs-available-language-link qtranxs-available-language-link-sv\" title=\"Svenska\">Su\u00e9dois<\/a>. Pour le confort de l\u2019utilisateur, le contenu est affich\u00e9 ci-dessous dans la langue par d\u00e9faut du site. Vous pouvez cliquer l\u2019un des liens pour changer la langue du site en une autre langue disponible.<\/p><p>Sek\u00e4 palveluneuvonta ett\u00e4 palvelusopimuksen laatiminen laiminly\u00f6d\u00e4\u00e4n monessa kunnassa. My\u00f6s kuntouttava taho unohtaa kertoa n\u00e4iden olemassaolosta ja ohjata oikeaan osoitteeseen, mahdollisesti jopa varata asiakkaan suostumuksella aikakin. Nyt olisi korkea aika alkaa kouluttaa kuntia lakis\u00e4\u00e4teisten palveluiden tarjoamiseen. T\u00e4yt\u00e4 lomake etuk\u00e4teen ja l\u00e4het\u00e4 se sosiaalitoimistoon ennen palvelusopimuspalaveria. Vaadi, ett\u00e4 sen pohjalta k\u00e4yd\u00e4\u00e4n itse palaveri, eik\u00e4 kunnan sosiaalitoimen s\u00e4hk\u00f6isen p\u00e4\u00e4t\u00f6ksentekoj\u00e4rjestelm\u00e4n pohjalta. Vaadi, ett\u00e4 palvelusuunnitelmaluonnoksesi liitet\u00e4\u00e4n muistioon ja varsinaiseen palvelusuunnitelmaan, p\u00e4\u00e4t\u00f6ksenteon pohjaksi.<\/p>\n<p>Kokemuksemme mukaan kunnat eiv\u00e4t tee mit\u00e4\u00e4n n\u00e4ist\u00e4. T\u00e4ll\u00f6in on aika ottaa j\u00e4re\u00e4mm\u00e4t aseet k\u00e4ytt\u00f6\u00f6n, eli oikaisupyynn\u00f6t, valitukset ja kantelut. Kunnat yritt\u00e4v\u00e4t luistaa asiakkaan tarpeiden kirjaamiselta, mottonaan \u201djos sit\u00e4 ei ole kirjattu, ei sit\u00e4 ole olemassa taikka budjetoitavissa\u201d \u2013 eiv\u00e4th\u00e4n asiakkaat pysty osoittamaan, ett\u00e4 tarve on esitetty palaverissa. Siksi on t\u00e4rke\u00e4\u00e4 jatkoa ajatellen, ett\u00e4 perhe todistettavasti on ilmaissut tarpeensa. Lomake s\u00e4hk\u00f6postiin tai, jos pelk\u00e4\u00e4t intimiteettisuojan menetyst\u00e4, viittaa palvelusopimuslomakkeeseen muutamalla rivill\u00e4 s\u00e4hk\u00f6postissa.<\/p>\n<p>Aloittakaamme palvelusopimusluonnosten tulva kohti jokaista kunnan sosiaalitoimea. Olen kiinnostunut tiedon ker\u00e4\u00e4misest\u00e4. Olisin kiitollinen, jos l\u00e4het\u00e4t anonyymin tai oikean lomakkeesi k\u00e4ytt\u00f6\u00f6ni (anonyymisti, tilasto- ja benchmarking -tietoa varten, <a href=\"mailto:contact@puheoikeus.fi\">contact@puheoikeus.fi<\/a>) kommentteineen siit\u00e4, mit\u00e4 palvelua saatatte saada, miten itse keskustelu meni ja k\u00e4ytiink\u00f6 keskustelu tarpeittenne pohjalta vaiko IT -j\u00e4rjestelm\u00e4n muutaman p\u00e4\u00e4t\u00f6ksentekopyk\u00e4l\u00e4n pohjalta.<\/p>\n<p>Rakentavasti ajateltuna, palvelusopimuslomakkeiden vy\u00f6ry sosiaalitoimiin ja keskustelut oikeiden aiheiden pohjalta saattavat avata sosiaalitoimen silm\u00e4t sille, mit\u00e4 ao. kohderyhm\u00e4 tarvitsee ja mist\u00e4 oikein on lain mukaan kyse palveluneuvonnassa ja vammaispalveluiden hoidossa.<\/p>\n<p><a href=\"http:\/\/www.puheoikeus.fi\/wp-content\/uploads\/2012\/05\/PalvelusuunnitelmaJaatinen.doc\"><img loading=\"lazy\" class=\"size-full wp-image-856 alignright\" alt=\"palvelusuunnitelma\" src=\"http:\/\/www.puheoikeus.fi\/wp-content\/uploads\/2012\/12\/palvelusuunnitelma-e1360327207263.png\" width=\"300\" height=\"179\" \/>Jaatinen-s\u00e4\u00e4ti\u00f6n lomake<\/a> on vapaasti jaettavissa eteenp\u00e4in ja meill\u00e4 on heid\u00e4n lupansa levitt\u00e4\u00e4 se my\u00f6s netin v\u00e4lityksell\u00e4. Lomakeuudistus on menossa ja lomake syntynee molemmilla kotimaisilla kielill\u00e4 l\u00e4hitulevaisuudessa.<\/p>","protected":false},"excerpt":{"rendered":"<p>Ici vous trouvez l\\&rsquo;article en Finnois et Su\u00e9dois. Pour le confort de l\u2019utilisateur, le contenu est affich\u00e9 ci-dessous dans la langue par d\u00e9faut du site. Vous pouvez cliquer l\u2019un des liens pour changer la langue du site en une autre<span class=\"ellipsis\">&hellip;<\/span><\/p>\n<div class=\"read-more\"><a href=\"https:\/\/www.puheoikeus.fi\/fr\/palvelusuunnitelma\/kerro-kokemuksistasi\/\">Lire la suite &#8250;<\/a><\/div>\n<p><!-- end of .read-more --><\/p>\n","protected":false},"author":2,"featured_media":0,"parent":1330,"menu_order":0,"comment_status":"closed","ping_status":"open","template":"content-sidebar-page.php","meta":[],"_links":{"self":[{"href":"https:\/\/www.puheoikeus.fi\/fr\/wp-json\/wp\/v2\/pages\/500"}],"collection":[{"href":"https:\/\/www.puheoikeus.fi\/fr\/wp-json\/wp\/v2\/pages"}],"about":[{"href":"https:\/\/www.puheoikeus.fi\/fr\/wp-json\/wp\/v2\/types\/page"}],"author":[{"embeddable":true,"href":"https:\/\/www.puheoikeus.fi\/fr\/wp-json\/wp\/v2\/users\/2"}],"replies":[{"embeddable":true,"href":"https:\/\/www.puheoikeus.fi\/fr\/wp-json\/wp\/v2\/comments?post=500"}],"version-history":[{"count":0,"href":"https:\/\/www.puheoikeus.fi\/fr\/wp-json\/wp\/v2\/pages\/500\/revisions"}],"up":[{"embeddable":true,"href":"https:\/\/www.puheoikeus.fi\/fr\/wp-json\/wp\/v2\/pages\/1330"}],"wp:attachment":[{"href":"https:\/\/www.puheoikeus.fi\/fr\/wp-json\/wp\/v2\/media?parent=500"}],"curies":[{"name":"wp","href":"https:\/\/api.w.org\/{rel}","templated":true}]}}