{"id":897,"date":"2012-08-17T07:14:27","date_gmt":"2012-08-17T05:14:27","guid":{"rendered":"http:\/\/www.puheoikeus.fi\/?p=897"},"modified":"2013-02-11T03:09:37","modified_gmt":"2013-02-11T01:09:37","slug":"hbl-med-tagets-bakljus-i-sikte","status":"publish","type":"page","link":"https:\/\/www.puheoikeus.fi\/en\/mediassa\/hbl-med-tagets-bakljus-i-sikte\/","title":{"rendered":"HBL &#8211; Med t\u00e5gets bakljus i sikte"},"content":{"rendered":"<p>V\u00e5r specialundervisning var en f\u00f6reg\u00e5ngare p\u00e5 90-talet. I dag ser vi det finska t\u00e5gets bakljus. Ins\u00e4ndare (Malm 12\/7, Poikonen 28\/7), artiklar (Hbl\/Spt, HS\/Huotari 14\/8) och skoln\u00e4tsdiskussionen kr\u00e4ver n\u00e5gra, konstruktivt och st\u00f6djande avsedda kommentarer (inte minst kring tanken p\u00e5 ett special pedagogiskt kompetenscentrum till d\u00e5 n\u00e5got annat inte riktigt heller finns) baserat p\u00e5 m\u00e5ng\u00e5rig erfarenhet inom spr\u00e5kgrupperna.<\/p>\n<p><a href=\"http:\/\/hbl.fi\/opinion\/lasares-brev\/2012-08-17\/med-tagets-bakljus-i-sikte\" target=\"_blank\">Read more<\/a><\/p>","protected":false},"excerpt":{"rendered":"<p>V\u00e5r specialundervisning var en f\u00f6reg\u00e5ngare p\u00e5 90-talet. I dag ser vi det finska t\u00e5gets bakljus. Ins\u00e4ndare (Malm 12\/7, Poikonen 28\/7), artiklar (Hbl\/Spt, HS\/Huotari 14\/8) och skoln\u00e4tsdiskussionen kr\u00e4ver n\u00e5gra, konstruktivt och st\u00f6djande avsedda kommentarer (inte minst kring tanken p\u00e5 ett special<span class=\"ellipsis\">&hellip;<\/span><\/p>\n<div class=\"read-more\"><a href=\"https:\/\/www.puheoikeus.fi\/en\/mediassa\/hbl-med-tagets-bakljus-i-sikte\/\">Read more &#8250;<\/a><\/div>\n<p><!-- end of .read-more --><\/p>\n","protected":false},"author":2,"featured_media":0,"parent":1193,"menu_order":0,"comment_status":"closed","ping_status":"open","template":"content-sidebar-page.php","meta":[],"_links":{"self":[{"href":"https:\/\/www.puheoikeus.fi\/en\/wp-json\/wp\/v2\/pages\/897"}],"collection":[{"href":"https:\/\/www.puheoikeus.fi\/en\/wp-json\/wp\/v2\/pages"}],"about":[{"href":"https:\/\/www.puheoikeus.fi\/en\/wp-json\/wp\/v2\/types\/page"}],"author":[{"embeddable":true,"href":"https:\/\/www.puheoikeus.fi\/en\/wp-json\/wp\/v2\/users\/2"}],"replies":[{"embeddable":true,"href":"https:\/\/www.puheoikeus.fi\/en\/wp-json\/wp\/v2\/comments?post=897"}],"version-history":[{"count":0,"href":"https:\/\/www.puheoikeus.fi\/en\/wp-json\/wp\/v2\/pages\/897\/revisions"}],"up":[{"embeddable":true,"href":"https:\/\/www.puheoikeus.fi\/en\/wp-json\/wp\/v2\/pages\/1193"}],"wp:attachment":[{"href":"https:\/\/www.puheoikeus.fi\/en\/wp-json\/wp\/v2\/media?parent=897"}],"curies":[{"name":"wp","href":"https:\/\/api.w.org\/{rel}","templated":true}]}}