{"id":46,"date":"2012-04-23T16:13:22","date_gmt":"2012-04-23T16:13:22","guid":{"rendered":"http:\/\/puheoikeus.fi\/?page_id=46"},"modified":"2013-04-17T11:45:42","modified_gmt":"2013-04-17T08:45:42","slug":"tietoa-meista","status":"publish","type":"page","link":"https:\/\/www.puheoikeus.fi\/de\/tietoa-meista\/","title":{"rendered":"\u00dcber uns"},"content":{"rendered":"<p>Unsere Sachk\u00e4nntnis stammt von mehrfachligen Qualifikationen und von Erfarungen aus erster Hand als Pflegenden Angeh\u00f6rigen her. Diese Kombination strebt nach 2 + 2 = 6, eine Mehrwert im Alltag f\u00fcr die Behinderten, die Angestellten, die Politikern und f\u00fcr die Angeh\u00f6rigen.<\/p>\n<p>Wir nehmen in der Entwicklung einer mehrfachligen F\u00e4higkeit in der unterst\u00fctzende Kommunikation (UK, AAC), in der Sonderp\u00e4dagogik, in den Geb\u00e4rdenkenntnissen, in der (Re)Habilitierung, im Behindertendienst, in den Bed\u00fcrfnispl\u00e4nen, in der Wertebasis, in der Aufnahme und in Fragen betreffend der Pflegenden Angeh\u00f6rigen durch Beratung, Anleitung, Unterricht, Materiale, Entwicklung, Lobbying, Verhandlungen, Schlichtung und Rechtsberatung teil. Wir streben an ein Leben in W\u00fcrde. Unsere Zielgruppen sind die Experten (Sonderp\u00e4dagogik, (Re)Habilitierung, Behindertendienst, Medizin, Organisationen), Pflegende Angeh\u00f6rige -Experten, Behinderte, die Leiter, die Angestellten und die breite \u00d6ffentlichkeit. Wir heben den Alltag, die Rechte und die Interessen der Personen mit Sprachbehinderung, Autismus, geistiger Behinderung und ihren Familien hervor.<\/p>\n<p>Unsere Expertenartikeln sind oft (fast gleichlautend) in Finnisch, Swedisch und Englisch da, aber wir \u00fcbersetzen sie nicht. Die \u00dcbersetzungen von Google Translate sind beinahe korrekt. Wenn m\u00f6glich, schreiben wir eine kurtze Zusammenfassung auf die anderen Sprachen.<\/p>\n<p>Die Artikel die in anderen Medien publiziert sind und weitere Debatten- und Expertenartikel finden Sie unter \u201dIn den Medien\u201d und in unserem Blog hier am Web und unter den Namen Puheoikeus.fi auf LinkedIn, Facebook und Google+. Wir sind auch beim Twitter unter den Namen AAC_Terry anwesend. Wir schreiben haupts\u00e4chlich auf Finnisch, Schwedisch und Englisch, aber manchmal auch auf Deutsch und Franz\u00f6sisch.<\/p>\n<h4>Terry Grahn<\/h4>\n<p>ist in Verhaltenswissenschaft und in Sonderp\u00e4dagogik spezialisiert, MBA(Henley) und eine spezialisierte Krankenschwester. Terry Grahn ist die Autorin von UK Sonderp\u00e4dagogik\u00a9 (AAC Special Education\u00a9). Sie haltet Vorlesungen, verfasst, debattiert und beeinflusst in Themen wie Unterst\u00fctzte Kommunikation (UK), Sonderp\u00e4dagogik, Kommunikation, Behindertendienst, das Recht sich auszudr\u00fccken und sich mitzuteilen, Aufnahme und Pflegende Angeh\u00f6rige. Ihre Expertise und F\u00e4higheit stammt von einer mehrfachligen Erfahrung und vom Leben als Mutter eines sprachlich und geistig behinderten Kindes.<\/p>","protected":false},"excerpt":{"rendered":"<p>Unsere Sachk\u00e4nntnis stammt von mehrfachligen Qualifikationen und von Erfarungen aus erster Hand als Pflegenden Angeh\u00f6rigen her. Diese Kombination strebt nach 2 + 2 = 6, eine Mehrwert im Alltag f\u00fcr die Behinderten, die Angestellten, die Politikern und f\u00fcr die Angeh\u00f6rigen.<span class=\"ellipsis\">&hellip;<\/span><\/p>\n<div class=\"read-more\"><a href=\"https:\/\/www.puheoikeus.fi\/de\/tietoa-meista\/\">Weiterlesen \u203a<\/a><\/div>\n<p><!-- end of .read-more --><\/p>\n","protected":false},"author":3,"featured_media":0,"parent":0,"menu_order":0,"comment_status":"closed","ping_status":"closed","template":"content-sidebar-page.php","meta":[],"_links":{"self":[{"href":"https:\/\/www.puheoikeus.fi\/de\/wp-json\/wp\/v2\/pages\/46"}],"collection":[{"href":"https:\/\/www.puheoikeus.fi\/de\/wp-json\/wp\/v2\/pages"}],"about":[{"href":"https:\/\/www.puheoikeus.fi\/de\/wp-json\/wp\/v2\/types\/page"}],"author":[{"embeddable":true,"href":"https:\/\/www.puheoikeus.fi\/de\/wp-json\/wp\/v2\/users\/3"}],"replies":[{"embeddable":true,"href":"https:\/\/www.puheoikeus.fi\/de\/wp-json\/wp\/v2\/comments?post=46"}],"version-history":[{"count":0,"href":"https:\/\/www.puheoikeus.fi\/de\/wp-json\/wp\/v2\/pages\/46\/revisions"}],"wp:attachment":[{"href":"https:\/\/www.puheoikeus.fi\/de\/wp-json\/wp\/v2\/media?parent=46"}],"curies":[{"name":"wp","href":"https:\/\/api.w.org\/{rel}","templated":true}]}}